{"id":31297,"date":"2024-01-16T15:36:45","date_gmt":"2024-01-16T18:36:45","guid":{"rendered":"https:\/\/www.paudalho.pe.gov.br\/portal\/?post_type=compras-diretas&#038;p=31297"},"modified":"2024-01-19T15:38:47","modified_gmt":"2024-01-19T18:38:47","slug":"aviso-de-dispensa-de-valor-no-002-2024","status":"publish","type":"compras-diretas","link":"https:\/\/www.paudalho.pe.gov.br\/portal\/compras-diretas\/aviso-de-dispensa-de-valor-no-002-2024\/","title":{"rendered":"AVISO DE DISPENSA DE VALOR N\u00ba 002\/2024"},"content":{"rendered":"\n<p class=\"has-text-align-center\"><strong>AVISO DE DISPENSA n\u00ba 002\/2024, COM BASE NO ART. N\u00ba 75, INCISO II da Lei 14.133\/2021<\/strong><\/p>\n\n\n\n<p class=\"has-text-align-justify\">O Munic\u00edpio de Paudalho\/PE, atrav\u00e9s da Secretaria de Desenvolvimento Urbano e Meio Ambiente, em conformidade com Art. 75, inciso II &#8211; da Lei Federal n.\u00ba 14.133\/2021, torna p\u00fablico aos interessados que a administra\u00e7\u00e3o municipal pretende realizar a <strong>CONTRATA\u00c7\u00c3O DE EMPRESA PARA FORNECIMENTO DE CAIXA D&#8217;\u00c1GUA \u2013 TANQUE DE POLIETILENO COM CAPACIDADE DE 20.000 LITROS, PARA ATENDER AS NECESSIDADES DA ESTRUTURA DO BANHO DE FREVO \u2013 CARNAVAL 2024, DO MUNICIPIO DE PAUDALHO-PE<\/strong>, podendo eventuais interessados apresentarem Proposta de Pre\u00e7os no prazo de 3 (tr\u00eas) dias \u00fateis, a contar desta Publica\u00e7\u00e3o, oportunidade em que a administra\u00e7\u00e3o escolher\u00e1 a mais vantajosa.<\/p>\n\n\n\n<p><\/p>\n\n\n\n<p><strong>Limite para Apresenta\u00e7\u00e3o da Proposta de Pre\u00e7os e Documentos: 19\/01\/2024 \u00e0s 14:00h<\/strong><\/p>\n\n\n\n<p><\/p>\n\n\n\n<p class=\"has-text-align-justify\">A proposta de Pre\u00e7os dever\u00e1 ser entregue no Setor de Licita\u00e7\u00e3o da Prefeitura Municipal de Paudalho, sito a Av. Raul Bandeira, 21, Centro, Paudalho\/PE &#8211; CEP \u2013 55825-000, no hor\u00e1rio de 08:00 \u00e0s 14:00, em dias uteis ou pelo E-mail: <a href=\"mailto:paudalho.compras@gmail.com\">paudalho.compras@gmail.com<\/a> at\u00e9 a data limite.<\/p>\n\n\n\n<p><\/p>\n\n\n\n<p class=\"has-text-align-justify\">O Edital\/Termo de Refer\u00eancia da Dispensa estar\u00e1 dispon\u00edvel no Site Oficial do Munic\u00edpio <a href=\"https:\/\/www.paudalho.pe.gov.br\/portal\/compras-diretas\/\">https:\/\/www.paudalho.pe.gov.br\/portal\/compras-diretas\/<\/a> ou atrav\u00e9s do E-mail: <a href=\"mailto:paudalho.compras@gmail.com\">paudalho.compras@gmail.com<\/a> Outras informa\u00e7\u00f5es poder\u00e3o ser obtidas na Sala da CPL, sito a Av. Raul Bandeira, 21, Centro, Paudalho\/PE &#8211; CEP \u2013 55825-000, no hor\u00e1rio das 08h:00 \u00e0s 12h:00 de segunda a sexta feira.<\/p>\n\n\n\n<p><\/p>\n\n\n\n<p>Paudalho, 16 de Janeiro de 2024<\/p>\n\n\n\n<p><\/p>\n\n\n\n<p>Andr\u00e9 Luiz Silva de Santana<\/p>\n\n\n\n<p>Secret\u00e1rio Executivo de Transporte e Manuten\u00e7\u00e3o veicular<\/p>\n\n\n\n<div class=\"wp-block-file\"><a id=\"wp-block-file--media-8d9d4809-2b7d-43ef-a14b-dce61087c1d6\" href=\"https:\/\/www.paudalho.pe.gov.br\/portal\/wp-content\/uploads\/2024\/01\/4.-EDITAL.DISPENSA-No-001.2024.pdf.7z\">4.-EDITAL.DISPENSA-No-001.2024.pdf<\/a><a href=\"https:\/\/www.paudalho.pe.gov.br\/portal\/wp-content\/uploads\/2024\/01\/4.-EDITAL.DISPENSA-No-001.2024.pdf.7z\" class=\"wp-block-file__button wp-element-button\" download aria-describedby=\"wp-block-file--media-8d9d4809-2b7d-43ef-a14b-dce61087c1d6\">Baixar<\/a><\/div>\n","protected":false},"featured_media":0,"template":"","class_list":["post-31297","compras-diretas","type-compras-diretas","status-publish","hentry"],"jetpack_sharing_enabled":true,"_links":{"self":[{"href":"https:\/\/www.paudalho.pe.gov.br\/portal\/wp-json\/wp\/v2\/compras-diretas\/31297","targetHints":{"allow":["GET"]}}],"collection":[{"href":"https:\/\/www.paudalho.pe.gov.br\/portal\/wp-json\/wp\/v2\/compras-diretas"}],"about":[{"href":"https:\/\/www.paudalho.pe.gov.br\/portal\/wp-json\/wp\/v2\/types\/compras-diretas"}],"wp:attachment":[{"href":"https:\/\/www.paudalho.pe.gov.br\/portal\/wp-json\/wp\/v2\/media?parent=31297"}],"curies":[{"name":"wp","href":"https:\/\/api.w.org\/{rel}","templated":true}]}}